{"id":3,"date":"2024-08-29T10:06:36","date_gmt":"2024-08-29T10:06:36","guid":{"rendered":"http:\/\/www.pixyou.pl\/?page_id=3"},"modified":"2025-04-15T16:37:36","modified_gmt":"2025-04-15T16:37:36","slug":"polityka-prywatnosci","status":"publish","type":"page","link":"https:\/\/www.pixyou.pl\/index.php\/polityka-prywatnosci\/","title":{"rendered":"Polityka prywatno\u015bci"},"content":{"rendered":"<p><strong>I. Postanowienia og\u00f3lne<\/strong><\/p><ol class=\"wp-block-list\"><li>Polityka prywatno\u015bci okre\u015bla, jak zbierane, przetwarzane i przechowywane s\u0105 dane osobowe U\u017cytkownik\u00f3w niezb\u0119dne do \u015bwiadczenia us\u0142ug drog\u0105 elektroniczn\u0105 za po\u015brednictwem serwisu internetowego https:\/\/www.pixyou.pl (dalej: Serwis).<\/li>\n\n<li>Serwis zbiera wy\u0142\u0105cznie dane osobowe niezb\u0119dne do \u015bwiadczenia i rozwoju us\u0142ug w nim oferowanych.<\/li>\n\n<li>Dane osobowe zbierane za po\u015brednictwem Serwisu s\u0105 przetwarzane zgodnie z&nbsp;Rozporz\u0105dzeniem Parlamentu Europejskiego i&nbsp;Rady (UE) 2016\/679 z&nbsp;dnia 27 kwietnia 2016 r. w&nbsp;sprawie ochrony os\u00f3b fizycznych w&nbsp;zwi\u0105zku z&nbsp;przetwarzaniem danych osobowych i&nbsp;w sprawie swobodnego przep\u0142ywu takich danych oraz uchylenia dyrektywy 95\/46\/WE (og\u00f3lne rozporz\u0105dzenie o&nbsp;ochronie danych, dalej RODO) oraz ustaw\u0105 o ochronie danych osobowych z dnia 10 maja 2018 r.<\/li><\/ol><p><strong>II. Administrator danych<\/strong><\/p><p>Administratorem danych osobowych zbieranych poprzez Serwis jest Wojciech Kwa\u015bniewski, Mieszka I 26\/46, 08-110 Siedlce  adres poczty elektronicznej: kontakt@pixyou.pl (dalej: Administrator).<\/p><p><strong>III. Cel zbierania danych osobowych<\/strong><\/p><ol class=\"wp-block-list\"><li>Dane osobowe wykorzystywane s\u0105 w celu:<ul class=\"wp-block-list\"><li>komunikacji z U\u017cytkownikiem (livechat, formularz kontaktowy itp.)<\/li>\n\n<li>wysy\u0142ki newslettera (po wyra\u017ceniu zgody U\u017cytkownika na jego otrzymywanie),<\/li>\n\n<li>\u015bwiadczenia us\u0142ug spo\u0142eczno\u015bciowych,<\/li>\n\n<li>promocji oferty Administratora,<\/li>\n\n<li>marketingu, remarketingu, afiliacji,<\/li>\n\n<li>personalizacji Serwisu dla U\u017cytkownik\u00f3w,<\/li>\n\n<li>dzia\u0142a\u0144 analitycznych i statystycznych,<\/li>\n\n<li>windykacji nale\u017cno\u015bci,<\/li>\n\n<li>ustalenia i dochodzenia roszcze\u0144&nbsp;albo obrony przed nimi.<\/li><\/ul><\/li>\n\n<li>Podanie danych jest dobrowolne, ale niezb\u0119dne do zawarcia umowy albo skorzystania z innych funkcjonalno\u015bci Serwisu.<\/li><\/ol><p><strong>IV. Rodzaj przetwarzanych danych osobowych<\/strong><\/p><p>Administrator mo\u017ce przetwarza\u0107&nbsp;dane osobowe U\u017cytkownika: imi\u0119 i nazwisko, data urodzenia, adres zamieszkania, adres e-mail, numer telefonu, NIP.<\/p><p><strong>V. Okres przetwarzania danych osobowych<\/strong><\/p><p>Dane osobowe U\u017cytkownik\u00f3w b\u0119d\u0105 przetwarzane przez okres:<\/p><ul class=\"wp-block-list\"><li>gdy podstaw\u0105 przetwarzania danych jest wykonanie umowy \u2013 do momentu przedawnienia roszcze\u0144 po jej wykonaniu,<\/li>\n\n<li>gdy podstaw\u0105 przetwarzania danych jest zgoda \u2013 do momentu jej odwo\u0142ania, a&nbsp;po odwo\u0142aniu zgody do przedawnienia roszcze\u0144.<\/li><\/ul><p>W obu przypadkach termin przedawnienia wynosi 6 lat, a&nbsp;dla roszcze\u0144 o&nbsp;\u015bwiadczenia okresowe i roszcze\u0144 dotycz\u0105cych&nbsp;prowadzenia dzia\u0142alno\u015bci gospodarczej \u2013 3 lata (je\u015bli przepis szczeg\u00f3lny nie stanowi inaczej).<\/p><p><strong>VI. Udost\u0119pnianie danych osobowych<\/strong><\/p><ol class=\"wp-block-list\"><li>Dane osobowe U\u017cytkownik\u00f3w mog\u0105 by\u0107 przekazywane: podmiotom powi\u0105zanym z Administratorem, jego podwykonawcom, podmiotom wsp\u00f3\u0142pracuj\u0105cym z Administratorem np. firmom obs\u0142uguj\u0105cym e-p\u0142atno\u015bci, firmom \u015bwiadcz\u0105cym us\u0142ugi kurierskie\/pocztowe, kancelariom prawnym.<\/li>\n\n<li>Dane osobowe U\u017cytkownik\u00f3w nie b\u0119d\u0105 przekazywane poza teren Europejskiego Obszaru Gospodarczego (EOG).<\/li><\/ol><p><strong>VII. Prawa U\u017cytkownik\u00f3w<\/strong><\/p><ol class=\"wp-block-list\"><li>U\u017cytkownik Serwisu ma prawo do: dost\u0119pu do tre\u015bci swoich danych osobowych, ich sprostowania, usuni\u0119cia, ograniczenia przetwarzania, przenoszenia, wniesienia sprzeciwu wobec przetwarzania, cofni\u0119cia zgody w ka\u017cdej chwili (co nie ma&nbsp;wp\u0142ywu na zgodno\u015b\u0107 z prawem przetwarzania dokonanego w oparciu o zgod\u0119 przed jej cofni\u0119ciem).<\/li>\n\n<li>Zg\u0142oszenie o wyst\u0105pieniu przez U\u017cytkownika z&nbsp;uprawnieniem wynikaj\u0105cym z&nbsp;wymienionych praw nale\u017cy przes\u0142a\u0107 na adres biuro@chemix.eu.<\/li>\n\n<li>Administrator spe\u0142nia lub odmawia&nbsp;spe\u0142nienia \u017c\u0105dania&nbsp;niezw\u0142ocznie \u2013 maksymalnie w ci\u0105gu miesi\u0105ca od jego otrzymania.<\/li>\n\n<li>U\u017cytkownik ma prawo z\u0142o\u017cy\u0107 skarg\u0119 do Prezesa Urz\u0119du Ochrony Danych Osobowych, je\u015bli uzna, \u017ce przetwarzanie narusza jego prawa i wolno\u015bci (RODO).<\/li><\/ol><p><strong>VIII. Pliki cookies<\/strong><\/p><ol class=\"wp-block-list\"><li>Serwis zbiera informacje za pomoc\u0105 plik\u00f3w cookies \u2013 sesyjnych, sta\u0142ych i podmiot\u00f3w zewn\u0119trznych.<\/li>\n\n<li>Zbieranie plik\u00f3w cookies wspiera poprawne \u015bwiadczenie us\u0142ug w Serwisie i s\u0142u\u017cy celom statystycznym.<\/li>\n\n<li>U\u017cytkownik mo\u017ce okre\u015bli\u0107 zakres dost\u0119pu plik\u00f3w cookies do swojego urz\u0105dzenia w ustawieniach przegl\u0105darki.<\/li><\/ol><p><strong>IX. Zautomatyzowane podejmowanie decyzji i profilowanie<\/strong><\/p><ol class=\"wp-block-list\"><li>Dane U\u017cytkownik\u00f3w nie mog\u0105 by\u0107&nbsp;przetwarzane w zautomatyzowany spos\u00f3b tak, \u017ce na skutek tego mog\u0142yby zapa\u015b\u0107 wobec nich jakiekolwiek decyzje.<\/li>\n\n<li>Dane U\u017cytkownik\u00f3w mog\u0105 by\u0107 profilowane celem dostosowania tre\u015bci i personalizacji oferty po wyra\u017ceniu przez nich zgody.<\/li><\/ol><p><strong>X. Postanowienia ko\u0144cowe<\/strong><\/p><p>W sprawach nieuregulowanych w niniejszej Polityce prywatno\u015bci obowi\u0105zuj\u0105 przepisy RODO i przepisy prawa polskiego.<\/p><p>Administrator ma prawo do wprowadzenia zmian w Polityce prywatno\u015bci, przy czym prawa U\u017cytkownik\u00f3w nie zostan\u0105 ograniczone.<\/p><p>Informacja o wprowadzonych zmianach pojawi si\u0119 w formie komunikatu dost\u0119pnego w Serwisie.<\/p>","protected":false},"excerpt":{"rendered":"<p>I. Postanowienia og\u00f3lne II. Administrator danych Administratorem danych osobowych zbieranych poprzez Serwis jest Wojciech Kwa\u015bniewski, Mieszka I 26\/46, 08-110 Siedlce [&hellip;]<\/p>\n","protected":false},"author":1,"featured_media":0,"parent":0,"menu_order":0,"comment_status":"closed","ping_status":"open","template":"","meta":{"cybocfi_hide_featured_image":"","footnotes":""},"class_list":["post-3","page","type-page","status-publish","hentry"],"yoast_head":"<!-- This site is optimized with the Yoast SEO plugin v25.4 - https:\/\/yoast.com\/wordpress\/plugins\/seo\/ -->\n<title>Polityka prywatno\u015bci - PIXYOU<\/title>\n<meta name=\"robots\" content=\"index, follow, max-snippet:-1, max-image-preview:large, max-video-preview:-1\" \/>\n<link rel=\"canonical\" href=\"http:\/\/www.pixyou.pl\/index.php\/polityka-prywatnosci\/\" \/>\n<meta property=\"og:locale\" content=\"pl_PL\" \/>\n<meta property=\"og:type\" content=\"article\" \/>\n<meta property=\"og:title\" content=\"Polityka prywatno\u015bci - PIXYOU\" \/>\n<meta property=\"og:description\" content=\"I. Postanowienia og\u00f3lne II. Administrator danych Administratorem danych osobowych zbieranych poprzez Serwis jest Wojciech Kwa\u015bniewski, Mieszka I 26\/46, 08-110 Siedlce [&hellip;]\" \/>\n<meta property=\"og:url\" content=\"http:\/\/www.pixyou.pl\/index.php\/polityka-prywatnosci\/\" \/>\n<meta property=\"og:site_name\" content=\"PIXYOU\" \/>\n<meta property=\"article:modified_time\" content=\"2025-04-15T16:37:36+00:00\" \/>\n<meta name=\"twitter:card\" content=\"summary_large_image\" \/>\n<meta name=\"twitter:label1\" content=\"Szacowany czas czytania\" \/>\n\t<meta name=\"twitter:data1\" content=\"4 minuty\" \/>\n<script type=\"application\/ld+json\" class=\"yoast-schema-graph\">{\"@context\":\"https:\/\/schema.org\",\"@graph\":[{\"@type\":\"WebPage\",\"@id\":\"http:\/\/www.pixyou.pl\/index.php\/polityka-prywatnosci\/\",\"url\":\"http:\/\/www.pixyou.pl\/index.php\/polityka-prywatnosci\/\",\"name\":\"Polityka prywatno\u015bci - PIXYOU\",\"isPartOf\":{\"@id\":\"http:\/\/www.pixyou.pl\/#website\"},\"datePublished\":\"2024-08-29T10:06:36+00:00\",\"dateModified\":\"2025-04-15T16:37:36+00:00\",\"breadcrumb\":{\"@id\":\"http:\/\/www.pixyou.pl\/index.php\/polityka-prywatnosci\/#breadcrumb\"},\"inLanguage\":\"pl-PL\",\"potentialAction\":[{\"@type\":\"ReadAction\",\"target\":[\"http:\/\/www.pixyou.pl\/index.php\/polityka-prywatnosci\/\"]}]},{\"@type\":\"BreadcrumbList\",\"@id\":\"http:\/\/www.pixyou.pl\/index.php\/polityka-prywatnosci\/#breadcrumb\",\"itemListElement\":[{\"@type\":\"ListItem\",\"position\":1,\"name\":\"Strona g\u0142\u00f3wna\",\"item\":\"http:\/\/www.pixyou.pl\/\"},{\"@type\":\"ListItem\",\"position\":2,\"name\":\"Polityka prywatno\u015bci\"}]},{\"@type\":\"WebSite\",\"@id\":\"http:\/\/www.pixyou.pl\/#website\",\"url\":\"http:\/\/www.pixyou.pl\/\",\"name\":\"PIXYOU\",\"description\":\"Strony i sklepy internetowe skrojone na miar\u0119\",\"publisher\":{\"@id\":\"http:\/\/www.pixyou.pl\/#organization\"},\"potentialAction\":[{\"@type\":\"SearchAction\",\"target\":{\"@type\":\"EntryPoint\",\"urlTemplate\":\"http:\/\/www.pixyou.pl\/?s={search_term_string}\"},\"query-input\":{\"@type\":\"PropertyValueSpecification\",\"valueRequired\":true,\"valueName\":\"search_term_string\"}}],\"inLanguage\":\"pl-PL\"},{\"@type\":\"Organization\",\"@id\":\"http:\/\/www.pixyou.pl\/#organization\",\"name\":\"PIXYOU\",\"url\":\"http:\/\/www.pixyou.pl\/\",\"logo\":{\"@type\":\"ImageObject\",\"inLanguage\":\"pl-PL\",\"@id\":\"http:\/\/www.pixyou.pl\/#\/schema\/logo\/image\/\",\"url\":\"https:\/\/www.pixyou.pl\/wp-content\/uploads\/2024\/09\/logo-pixyou-mini.png\",\"contentUrl\":\"https:\/\/www.pixyou.pl\/wp-content\/uploads\/2024\/09\/logo-pixyou-mini.png\",\"width\":150,\"height\":32,\"caption\":\"PIXYOU\"},\"image\":{\"@id\":\"http:\/\/www.pixyou.pl\/#\/schema\/logo\/image\/\"}}]}<\/script>\n<!-- \/ Yoast SEO plugin. -->","yoast_head_json":{"title":"Polityka prywatno\u015bci - PIXYOU","robots":{"index":"index","follow":"follow","max-snippet":"max-snippet:-1","max-image-preview":"max-image-preview:large","max-video-preview":"max-video-preview:-1"},"canonical":"http:\/\/www.pixyou.pl\/index.php\/polityka-prywatnosci\/","og_locale":"pl_PL","og_type":"article","og_title":"Polityka prywatno\u015bci - PIXYOU","og_description":"I. Postanowienia og\u00f3lne II. Administrator danych Administratorem danych osobowych zbieranych poprzez Serwis jest Wojciech Kwa\u015bniewski, Mieszka I 26\/46, 08-110 Siedlce [&hellip;]","og_url":"http:\/\/www.pixyou.pl\/index.php\/polityka-prywatnosci\/","og_site_name":"PIXYOU","article_modified_time":"2025-04-15T16:37:36+00:00","twitter_card":"summary_large_image","twitter_misc":{"Szacowany czas czytania":"4 minuty"},"schema":{"@context":"https:\/\/schema.org","@graph":[{"@type":"WebPage","@id":"http:\/\/www.pixyou.pl\/index.php\/polityka-prywatnosci\/","url":"http:\/\/www.pixyou.pl\/index.php\/polityka-prywatnosci\/","name":"Polityka prywatno\u015bci - PIXYOU","isPartOf":{"@id":"http:\/\/www.pixyou.pl\/#website"},"datePublished":"2024-08-29T10:06:36+00:00","dateModified":"2025-04-15T16:37:36+00:00","breadcrumb":{"@id":"http:\/\/www.pixyou.pl\/index.php\/polityka-prywatnosci\/#breadcrumb"},"inLanguage":"pl-PL","potentialAction":[{"@type":"ReadAction","target":["http:\/\/www.pixyou.pl\/index.php\/polityka-prywatnosci\/"]}]},{"@type":"BreadcrumbList","@id":"http:\/\/www.pixyou.pl\/index.php\/polityka-prywatnosci\/#breadcrumb","itemListElement":[{"@type":"ListItem","position":1,"name":"Strona g\u0142\u00f3wna","item":"http:\/\/www.pixyou.pl\/"},{"@type":"ListItem","position":2,"name":"Polityka prywatno\u015bci"}]},{"@type":"WebSite","@id":"http:\/\/www.pixyou.pl\/#website","url":"http:\/\/www.pixyou.pl\/","name":"PIXYOU","description":"Strony i sklepy internetowe skrojone na miar\u0119","publisher":{"@id":"http:\/\/www.pixyou.pl\/#organization"},"potentialAction":[{"@type":"SearchAction","target":{"@type":"EntryPoint","urlTemplate":"http:\/\/www.pixyou.pl\/?s={search_term_string}"},"query-input":{"@type":"PropertyValueSpecification","valueRequired":true,"valueName":"search_term_string"}}],"inLanguage":"pl-PL"},{"@type":"Organization","@id":"http:\/\/www.pixyou.pl\/#organization","name":"PIXYOU","url":"http:\/\/www.pixyou.pl\/","logo":{"@type":"ImageObject","inLanguage":"pl-PL","@id":"http:\/\/www.pixyou.pl\/#\/schema\/logo\/image\/","url":"https:\/\/www.pixyou.pl\/wp-content\/uploads\/2024\/09\/logo-pixyou-mini.png","contentUrl":"https:\/\/www.pixyou.pl\/wp-content\/uploads\/2024\/09\/logo-pixyou-mini.png","width":150,"height":32,"caption":"PIXYOU"},"image":{"@id":"http:\/\/www.pixyou.pl\/#\/schema\/logo\/image\/"}}]}},"_links":{"self":[{"href":"https:\/\/www.pixyou.pl\/index.php\/wp-json\/wp\/v2\/pages\/3"}],"collection":[{"href":"https:\/\/www.pixyou.pl\/index.php\/wp-json\/wp\/v2\/pages"}],"about":[{"href":"https:\/\/www.pixyou.pl\/index.php\/wp-json\/wp\/v2\/types\/page"}],"author":[{"embeddable":true,"href":"https:\/\/www.pixyou.pl\/index.php\/wp-json\/wp\/v2\/users\/1"}],"replies":[{"embeddable":true,"href":"https:\/\/www.pixyou.pl\/index.php\/wp-json\/wp\/v2\/comments?post=3"}],"version-history":[{"count":3,"href":"https:\/\/www.pixyou.pl\/index.php\/wp-json\/wp\/v2\/pages\/3\/revisions"}],"predecessor-version":[{"id":1102,"href":"https:\/\/www.pixyou.pl\/index.php\/wp-json\/wp\/v2\/pages\/3\/revisions\/1102"}],"wp:attachment":[{"href":"https:\/\/www.pixyou.pl\/index.php\/wp-json\/wp\/v2\/media?parent=3"}],"curies":[{"name":"wp","href":"https:\/\/api.w.org\/{rel}","templated":true}]}}