{"id":846,"date":"2024-10-13T19:08:59","date_gmt":"2024-10-13T19:08:59","guid":{"rendered":"http:\/\/www.pixyou.pl\/?page_id=846"},"modified":"2025-03-07T14:38:36","modified_gmt":"2025-03-07T14:38:36","slug":"realizacje","status":"publish","type":"page","link":"http:\/\/www.pixyou.pl\/index.php\/realizacje\/","title":{"rendered":"Realizacje"},"content":{"rendered":"<div id=\"pl-846\"  class=\"panel-layout\" ><div id=\"pg-846-0\"  class=\"panel-grid panel-no-style\" ><div id=\"pgc-846-0-0\"  class=\"panel-grid-cell\" ><div id=\"panel-846-0-0-0\" class=\"so-panel widget widget_text panel-first-child panel-last-child\" data-index=\"0\" >\t\t\t<div class=\"textwidget\"><p>Zapraszam do zapoznania si\u0119 z wybranymi projektami stron internetowych i grafik, kt\u00f3re zrealizowa\u0142em dla klient\u00f3w. Moje portfolio to zbi\u00f3r r\u00f3\u017cnorodnych prac, od prostych stron wizyt\u00f3wek po rozbudowane serwisy internetowe i kompleksowe identyfikacje wizualne. Ze wzgl\u0119du na up\u0142yw czasu i zmiany w ofercie, nie wszystkie realizacje s\u0105 prezentowane w portfolio. Je\u015bli jeste\u015b zainteresowany konkretnym rodzajem projektu, skontaktuj si\u0119 ze mn\u0105.<\/p>\n<\/div>\n\t\t<\/div><\/div><\/div><div id=\"pg-846-1\"  class=\"panel-grid panel-has-style\" ><div class=\"panel-row-style panel-row-style-for-846-1\" ><div id=\"pgc-846-1-0\"  class=\"panel-grid-cell\" ><div id=\"panel-846-1-0-0\" class=\"so-panel widget widget_text panel-first-child\" data-index=\"1\" ><div class=\"panel-widget-style panel-widget-style-for-846-1-0-0\" ><h3 class=\"widget-title\">Strony i sklepy internetowe<\/h3>\t\t\t<div class=\"textwidget\"><\/div>\n\t\t<\/div><\/div><div id=\"panel-846-1-0-1\" class=\"so-panel widget widget_themegrill_flash_portfolio tg-section feature-product-section panel-last-child\" data-index=\"2\" ><div class=\"tg-feature-product-layout-3 tg-feature-product-filter-layout\"><div class=\"tg-container\"><div class=\"grid\"><div class=\"tg-column-wrapper\"><div class=\"tg-feature-product-widget element-item uxdesign tg-column-4 portfolio strony-internetowe \" data-category=\"portfolio strony-internetowe \"><figure><img loading=\"lazy\" decoding=\"async\" width=\"264\" height=\"264\" src=\"http:\/\/www.pixyou.pl\/wp-content\/uploads\/2026\/02\/rudy_small.jpg\" class=\"attachment-full size-full wp-post-image\" alt=\"\" srcset=\"http:\/\/www.pixyou.pl\/wp-content\/uploads\/2026\/02\/rudy_small.jpg 264w, http:\/\/www.pixyou.pl\/wp-content\/uploads\/2026\/02\/rudy_small-150x150.jpg 150w, http:\/\/www.pixyou.pl\/wp-content\/uploads\/2026\/02\/rudy_small-100x100.jpg 100w\" sizes=\"(max-width: 264px) 100vw, 264px\" \/><\/figure><div class=\"featured-image-desc\"><span><a href=\"http:\/\/www.pixyou.pl\/index.php\/portfolio\/projekt-strony-internetowej-rudydetailer\/\"><i class=\"fa fa-plus\"><\/i><\/a><\/span><div class=\"feature-inner-block\"><h3 class=\"feature-title-wrap\"><a href=\"http:\/\/www.pixyou.pl\/index.php\/portfolio\/projekt-strony-internetowej-rudydetailer\/\">Projekt strony internetowej RudyDetailer<\/a><\/h3><h4 class=\"feature-desc-wrap\">Z dum\u0105 prezentuj\u0119 m\u00f3j najnowszy projekt: stron\u0119 internetow\u0105 dla mobilnego studia autodetailingu, kt\u00f3re dostarcza profesjonaln\u0105 piel\u0119gnacj\u0119 pojazd\u00f3w bezpo\u015brednio pod drzwi [&hellip;]<\/h4><\/div><\/div><\/div><div class=\"tg-feature-product-widget element-item uxdesign tg-column-4 strony-internetowe \" data-category=\"strony-internetowe \"><figure><img loading=\"lazy\" decoding=\"async\" width=\"264\" height=\"264\" src=\"http:\/\/www.pixyou.pl\/wp-content\/uploads\/2025\/10\/smaki_small.jpg\" class=\"attachment-full size-full wp-post-image\" alt=\"\" srcset=\"http:\/\/www.pixyou.pl\/wp-content\/uploads\/2025\/10\/smaki_small.jpg 264w, http:\/\/www.pixyou.pl\/wp-content\/uploads\/2025\/10\/smaki_small-150x150.jpg 150w, http:\/\/www.pixyou.pl\/wp-content\/uploads\/2025\/10\/smaki_small-100x100.jpg 100w\" sizes=\"(max-width: 264px) 100vw, 264px\" \/><\/figure><div class=\"featured-image-desc\"><span><a href=\"http:\/\/www.pixyou.pl\/index.php\/portfolio\/projekt-strony-internetowej-smaki-rownowagi\/\"><i class=\"fa fa-plus\"><\/i><\/a><\/span><div class=\"feature-inner-block\"><h3 class=\"feature-title-wrap\"><a href=\"http:\/\/www.pixyou.pl\/index.php\/portfolio\/projekt-strony-internetowej-smaki-rownowagi\/\">Projekt strony internetowej Smaki R\u00f3wnowagi<\/a><\/h3><h4 class=\"feature-desc-wrap\">Projekt strony internetowej Smaki R\u00f3wnowagi Z przyjemno\u015bci\u0105 prezentuj\u0119 m\u00f3j projekt strony internetowej dla Smaki R\u00f3wnowagi \u2013 platformy po\u015bwi\u0119conej diecie, stylowi [&hellip;]<\/h4><\/div><\/div><\/div><div class=\"tg-feature-product-widget element-item uxdesign tg-column-4 strony-internetowe \" data-category=\"strony-internetowe \"><figure><img loading=\"lazy\" decoding=\"async\" width=\"264\" height=\"264\" src=\"http:\/\/www.pixyou.pl\/wp-content\/uploads\/2025\/09\/catdetailer_small.jpg\" class=\"attachment-full size-full wp-post-image\" alt=\"\" srcset=\"http:\/\/www.pixyou.pl\/wp-content\/uploads\/2025\/09\/catdetailer_small.jpg 264w, http:\/\/www.pixyou.pl\/wp-content\/uploads\/2025\/09\/catdetailer_small-150x150.jpg 150w, http:\/\/www.pixyou.pl\/wp-content\/uploads\/2025\/09\/catdetailer_small-100x100.jpg 100w\" sizes=\"(max-width: 264px) 100vw, 264px\" \/><\/figure><div class=\"featured-image-desc\"><span><a href=\"http:\/\/www.pixyou.pl\/index.php\/portfolio\/projekt-strony-internetowej-catdetailer-autodetailing-w-krzywdzie\/\"><i class=\"fa fa-plus\"><\/i><\/a><\/span><div class=\"feature-inner-block\"><h3 class=\"feature-title-wrap\"><a href=\"http:\/\/www.pixyou.pl\/index.php\/portfolio\/projekt-strony-internetowej-catdetailer-autodetailing-w-krzywdzie\/\">Projekt strony internetowej CATDETAILER \u2013 Autodetailing w Krzywdzie<\/a><\/h3><h4 class=\"feature-desc-wrap\">Projekt strony internetowej CATDETAILER \u2013 Autodetailing w Krzywdzie Z dum\u0105 prezentuj\u0119 najnowszy projekt: stron\u0119 internetow\u0105 dla CATDETAILER, profesjonalnej firmy autodetailingowej [&hellip;]<\/h4><\/div><\/div><\/div><div class=\"tg-feature-product-widget element-item uxdesign tg-column-4 portfolio strony-internetowe \" data-category=\"portfolio strony-internetowe \"><figure><img loading=\"lazy\" decoding=\"async\" width=\"264\" height=\"264\" src=\"http:\/\/www.pixyou.pl\/wp-content\/uploads\/2025\/06\/ilave_small.jpg\" class=\"attachment-full size-full wp-post-image\" alt=\"\" srcset=\"http:\/\/www.pixyou.pl\/wp-content\/uploads\/2025\/06\/ilave_small.jpg 264w, http:\/\/www.pixyou.pl\/wp-content\/uploads\/2025\/06\/ilave_small-150x150.jpg 150w, http:\/\/www.pixyou.pl\/wp-content\/uploads\/2025\/06\/ilave_small-100x100.jpg 100w\" sizes=\"(max-width: 264px) 100vw, 264px\" \/><\/figure><div class=\"featured-image-desc\"><span><a href=\"http:\/\/www.pixyou.pl\/index.php\/portfolio\/1105\/\"><i class=\"fa fa-plus\"><\/i><\/a><\/span><div class=\"feature-inner-block\"><h3 class=\"feature-title-wrap\"><a href=\"http:\/\/www.pixyou.pl\/index.php\/portfolio\/1105\/\">Projekt strony internetowej Ilave \u2013 Salon Pi\u0119kno\u015bci Ilony w \u0141ukowie<\/a><\/h3><h4 class=\"feature-desc-wrap\">Projekt strony internetowej Ilave \u2013 Salon Pi\u0119kno\u015bci Ilony w \u0141ukowie Z dum\u0105 prezentuj\u0119 m\u00f3j najnowszy projekt: stron\u0119 internetow\u0105 dla Ilave, [&hellip;]<\/h4><\/div><\/div><\/div><div class=\"tg-feature-product-widget element-item uxdesign tg-column-4 portfolio strony-internetowe \" data-category=\"portfolio strony-internetowe \"><figure><img loading=\"lazy\" decoding=\"async\" width=\"264\" height=\"264\" src=\"http:\/\/www.pixyou.pl\/wp-content\/uploads\/2025\/04\/iza_small.png\" class=\"attachment-full size-full wp-post-image\" alt=\"\" srcset=\"http:\/\/www.pixyou.pl\/wp-content\/uploads\/2025\/04\/iza_small.png 264w, http:\/\/www.pixyou.pl\/wp-content\/uploads\/2025\/04\/iza_small-150x150.png 150w, http:\/\/www.pixyou.pl\/wp-content\/uploads\/2025\/04\/iza_small-100x100.png 100w\" sizes=\"(max-width: 264px) 100vw, 264px\" \/><\/figure><div class=\"featured-image-desc\"><span><a href=\"http:\/\/www.pixyou.pl\/index.php\/portfolio\/izabela-godlewska-foto-studio\/\"><i class=\"fa fa-plus\"><\/i><\/a><\/span><div class=\"feature-inner-block\"><h3 class=\"feature-title-wrap\"><a href=\"http:\/\/www.pixyou.pl\/index.php\/portfolio\/izabela-godlewska-foto-studio\/\">Izabela Godlewska &#8211; Foto Studio<\/a><\/h3><h4 class=\"feature-desc-wrap\">Projekt: Strona internetowa Izabela Godlewska Fotografia Rodzinna Klient: Izabela Godlewska (www.izabelagodlewska.pl) Opis projektu: Mia\u0142em przyjemno\u015b\u0107 stworzy\u0107 stron\u0119 internetow\u0105 dla utalentowanej [&hellip;]<\/h4><\/div><\/div><\/div><div class=\"tg-feature-product-widget element-item uxdesign tg-column-4 strony-internetowe \" data-category=\"strony-internetowe \"><figure><img loading=\"lazy\" decoding=\"async\" width=\"264\" height=\"264\" src=\"http:\/\/www.pixyou.pl\/wp-content\/uploads\/2025\/03\/elewacje_small.png\" class=\"attachment-full size-full wp-post-image\" alt=\"\" srcset=\"http:\/\/www.pixyou.pl\/wp-content\/uploads\/2025\/03\/elewacje_small.png 264w, http:\/\/www.pixyou.pl\/wp-content\/uploads\/2025\/03\/elewacje_small-150x150.png 150w, http:\/\/www.pixyou.pl\/wp-content\/uploads\/2025\/03\/elewacje_small-100x100.png 100w\" sizes=\"(max-width: 264px) 100vw, 264px\" \/><\/figure><div class=\"featured-image-desc\"><span><a href=\"http:\/\/www.pixyou.pl\/index.php\/portfolio\/projekty-elewacji\/\"><i class=\"fa fa-plus\"><\/i><\/a><\/span><div class=\"feature-inner-block\"><h3 class=\"feature-title-wrap\"><a href=\"http:\/\/www.pixyou.pl\/index.php\/portfolio\/projekty-elewacji\/\">Projekty elewacji<\/a><\/h3><h4 class=\"feature-desc-wrap\">Projekt: Strona internetowa Biura Projektuj\u0105cego Elewacje w Siedlcach Klient: Biuro Projektuj\u0105ce Elewacje Siedlce (http:\/\/www.elewacjesiedlce.pl) Opis projektu: Jako freelancer zajmuj\u0105cy si\u0119 [&hellip;]<\/h4><\/div><\/div><\/div><div class=\"tg-feature-product-widget element-item uxdesign tg-column-4 portfolio strony-internetowe \" data-category=\"portfolio strony-internetowe \"><figure><img loading=\"lazy\" decoding=\"async\" width=\"272\" height=\"272\" src=\"http:\/\/www.pixyou.pl\/wp-content\/uploads\/2025\/03\/art_baner.jpg\" class=\"attachment-full size-full wp-post-image\" alt=\"\" srcset=\"http:\/\/www.pixyou.pl\/wp-content\/uploads\/2025\/03\/art_baner.jpg 272w, http:\/\/www.pixyou.pl\/wp-content\/uploads\/2025\/03\/art_baner-150x150.jpg 150w, http:\/\/www.pixyou.pl\/wp-content\/uploads\/2025\/03\/art_baner-100x100.jpg 100w\" sizes=\"(max-width: 272px) 100vw, 272px\" \/><\/figure><div class=\"featured-image-desc\"><span><a href=\"http:\/\/www.pixyou.pl\/index.php\/portfolio\/art-studio\/\"><i class=\"fa fa-plus\"><\/i><\/a><\/span><div class=\"feature-inner-block\"><h3 class=\"feature-title-wrap\"><a href=\"http:\/\/www.pixyou.pl\/index.php\/portfolio\/art-studio\/\">ART-STUDIO<\/a><\/h3><h4 class=\"feature-desc-wrap\">Projekt: Sklep internetowy Art-studio Klient: Art-studio (https:\/\/studio-artystyczne.pl) Opis projektu: Z przyjemno\u015bci\u0105 prezentuj\u0119 projekt sklepu internetowego, kt\u00f3ry zrealizowa\u0142em dla firmy Art-studio, [&hellip;]<\/h4><\/div><\/div><\/div><div class=\"tg-feature-product-widget element-item uxdesign tg-column-4 portfolio strony-internetowe \" data-category=\"portfolio strony-internetowe \"><figure><img loading=\"lazy\" decoding=\"async\" width=\"264\" height=\"264\" src=\"http:\/\/www.pixyou.pl\/wp-content\/uploads\/2025\/02\/chemix_small.jpg\" class=\"attachment-full size-full wp-post-image\" alt=\"\" srcset=\"http:\/\/www.pixyou.pl\/wp-content\/uploads\/2025\/02\/chemix_small.jpg 264w, http:\/\/www.pixyou.pl\/wp-content\/uploads\/2025\/02\/chemix_small-150x150.jpg 150w, http:\/\/www.pixyou.pl\/wp-content\/uploads\/2025\/02\/chemix_small-100x100.jpg 100w\" sizes=\"(max-width: 264px) 100vw, 264px\" \/><\/figure><div class=\"featured-image-desc\"><span><a href=\"http:\/\/www.pixyou.pl\/index.php\/portfolio\/chemix\/\"><i class=\"fa fa-plus\"><\/i><\/a><\/span><div class=\"feature-inner-block\"><h3 class=\"feature-title-wrap\"><a href=\"http:\/\/www.pixyou.pl\/index.php\/portfolio\/chemix\/\">CHEMIX<\/a><\/h3><h4 class=\"feature-desc-wrap\">Projekt: Strona internetowa firmy Chemix Klient: Chemix (http:\/\/www.chemix.eu) Opis projektu: Z przyjemno\u015bci\u0105 prezentuj\u0119 projekt strony internetowej, kt\u00f3ry zrealizowa\u0142em dla firmy [&hellip;]<\/h4><\/div><\/div><\/div><div class=\"tg-feature-product-widget element-item uxdesign tg-column-4 portfolio strony-internetowe \" data-category=\"portfolio strony-internetowe \"><figure><img loading=\"lazy\" decoding=\"async\" width=\"272\" height=\"272\" src=\"http:\/\/www.pixyou.pl\/wp-content\/uploads\/2024\/10\/castorbud_mini.jpg\" class=\"attachment-full size-full wp-post-image\" alt=\"\" srcset=\"http:\/\/www.pixyou.pl\/wp-content\/uploads\/2024\/10\/castorbud_mini.jpg 272w, http:\/\/www.pixyou.pl\/wp-content\/uploads\/2024\/10\/castorbud_mini-150x150.jpg 150w, http:\/\/www.pixyou.pl\/wp-content\/uploads\/2024\/10\/castorbud_mini-100x100.jpg 100w\" sizes=\"(max-width: 272px) 100vw, 272px\" \/><\/figure><div class=\"featured-image-desc\"><span><a href=\"http:\/\/www.pixyou.pl\/index.php\/portfolio\/castorbud\/\"><i class=\"fa fa-plus\"><\/i><\/a><\/span><div class=\"feature-inner-block\"><h3 class=\"feature-title-wrap\"><a href=\"http:\/\/www.pixyou.pl\/index.php\/portfolio\/castorbud\/\">CASTORBUD<\/a><\/h3><h4 class=\"feature-desc-wrap\">Projekt: Sklep internetowy Castorbud Klient: Castorbud (https:\/\/www.castorbud.pl) Opis projektu: Jako programista i projektant stron internetowych, mia\u0142em przyjemno\u015b\u0107 zrealizowa\u0107 projekt sklepu [&hellip;]<\/h4><\/div><\/div><\/div><div class=\"tg-feature-product-widget element-item uxdesign tg-column-4 portfolio strony-internetowe \" data-category=\"portfolio strony-internetowe \"><figure><img loading=\"lazy\" decoding=\"async\" width=\"272\" height=\"272\" src=\"http:\/\/www.pixyou.pl\/wp-content\/uploads\/2017\/01\/cormak_mini.jpg\" class=\"attachment-full size-full wp-post-image\" alt=\"\" srcset=\"http:\/\/www.pixyou.pl\/wp-content\/uploads\/2017\/01\/cormak_mini.jpg 272w, http:\/\/www.pixyou.pl\/wp-content\/uploads\/2017\/01\/cormak_mini-150x150.jpg 150w, http:\/\/www.pixyou.pl\/wp-content\/uploads\/2017\/01\/cormak_mini-100x100.jpg 100w\" sizes=\"(max-width: 272px) 100vw, 272px\" \/><\/figure><div class=\"featured-image-desc\"><span><a href=\"http:\/\/www.pixyou.pl\/index.php\/portfolio\/cormak_laser\/\"><i class=\"fa fa-plus\"><\/i><\/a><\/span><div class=\"feature-inner-block\"><h3 class=\"feature-title-wrap\"><a href=\"http:\/\/www.pixyou.pl\/index.php\/portfolio\/cormak_laser\/\">CORMAK LASER<\/a><\/h3><h4 class=\"feature-desc-wrap\">Projekt: Strona internetowa Cormak Laser Klient: Cormak (www.cormaklaser.pl) Opis projektu: Jako do\u015bwiadczony programista i projektant stron internetowych, mia\u0142em przyjemno\u015b\u0107 zrealizowa\u0107 [&hellip;]<\/h4><\/div><\/div><\/div><div class=\"tg-feature-product-widget element-item uxdesign tg-column-4 portfolio strony-internetowe \" data-category=\"portfolio strony-internetowe \"><figure><img loading=\"lazy\" decoding=\"async\" width=\"272\" height=\"272\" src=\"http:\/\/www.pixyou.pl\/wp-content\/uploads\/2017\/01\/giterpol_mini.jpg\" class=\"attachment-full size-full wp-post-image\" alt=\"\" srcset=\"http:\/\/www.pixyou.pl\/wp-content\/uploads\/2017\/01\/giterpol_mini.jpg 272w, http:\/\/www.pixyou.pl\/wp-content\/uploads\/2017\/01\/giterpol_mini-150x150.jpg 150w, http:\/\/www.pixyou.pl\/wp-content\/uploads\/2017\/01\/giterpol_mini-100x100.jpg 100w\" sizes=\"(max-width: 272px) 100vw, 272px\" \/><\/figure><div class=\"featured-image-desc\"><span><a href=\"http:\/\/www.pixyou.pl\/index.php\/portfolio\/giterpol\/\"><i class=\"fa fa-plus\"><\/i><\/a><\/span><div class=\"feature-inner-block\"><h3 class=\"feature-title-wrap\"><a href=\"http:\/\/www.pixyou.pl\/index.php\/portfolio\/giterpol\/\">GITERPOL<\/a><\/h3><h4 class=\"feature-desc-wrap\"><\/h4><\/div><\/div><\/div><div class=\"tg-feature-product-widget element-item uxdesign tg-column-4 portfolio strony-internetowe \" data-category=\"portfolio strony-internetowe \"><figure><img loading=\"lazy\" decoding=\"async\" width=\"272\" height=\"272\" src=\"http:\/\/www.pixyou.pl\/wp-content\/uploads\/2024\/10\/krainaprzygod-mini.jpg\" class=\"attachment-full size-full wp-post-image\" alt=\"\" srcset=\"http:\/\/www.pixyou.pl\/wp-content\/uploads\/2024\/10\/krainaprzygod-mini.jpg 272w, http:\/\/www.pixyou.pl\/wp-content\/uploads\/2024\/10\/krainaprzygod-mini-150x150.jpg 150w, http:\/\/www.pixyou.pl\/wp-content\/uploads\/2024\/10\/krainaprzygod-mini-100x100.jpg 100w\" sizes=\"(max-width: 272px) 100vw, 272px\" \/><\/figure><div class=\"featured-image-desc\"><span><a href=\"http:\/\/www.pixyou.pl\/index.php\/portfolio\/kraina-przygod\/\"><i class=\"fa fa-plus\"><\/i><\/a><\/span><div class=\"feature-inner-block\"><h3 class=\"feature-title-wrap\"><a href=\"http:\/\/www.pixyou.pl\/index.php\/portfolio\/kraina-przygod\/\">Kraina Przyg\u00f3d<\/a><\/h3><h4 class=\"feature-desc-wrap\"><\/h4><\/div><\/div><\/div><\/div><!-- \/.tg-column-wrapper--><\/div><!-- \/.grid --><\/div><!-- \/.tg-container --><\/div><!-- \/.layout div --><\/div><\/div><\/div><\/div><div id=\"pg-846-2\"  class=\"panel-grid panel-has-style\" ><div class=\"panel-row-style panel-row-style-for-846-2\" ><div id=\"pgc-846-2-0\"  class=\"panel-grid-cell\" ><div id=\"panel-846-2-0-0\" class=\"so-panel widget widget_text panel-first-child\" data-index=\"3\" ><div class=\"panel-widget-style panel-widget-style-for-846-2-0-0\" ><h3 class=\"widget-title\">Projekty graficzne<\/h3>\t\t\t<div class=\"textwidget\"><\/div>\n\t\t<\/div><\/div><div id=\"panel-846-2-0-1\" class=\"so-panel widget widget_themegrill_flash_portfolio tg-section feature-product-section panel-last-child\" data-index=\"4\" ><div class=\"tg-feature-product-layout-3 tg-feature-product-filter-layout\"><div class=\"tg-container\"><div class=\"grid\"><div class=\"tg-column-wrapper\"><div class=\"tg-feature-product-widget element-item uxdesign tg-column-4 grafika portfolio \" data-category=\"grafika portfolio \"><figure><img loading=\"lazy\" decoding=\"async\" width=\"272\" height=\"272\" src=\"http:\/\/www.pixyou.pl\/wp-content\/uploads\/2024\/11\/baner_chemix_min.jpg\" class=\"attachment-full size-full wp-post-image\" alt=\"\" srcset=\"http:\/\/www.pixyou.pl\/wp-content\/uploads\/2024\/11\/baner_chemix_min.jpg 272w, http:\/\/www.pixyou.pl\/wp-content\/uploads\/2024\/11\/baner_chemix_min-150x150.jpg 150w, http:\/\/www.pixyou.pl\/wp-content\/uploads\/2024\/11\/baner_chemix_min-100x100.jpg 100w\" sizes=\"(max-width: 272px) 100vw, 272px\" \/><\/figure><div class=\"featured-image-desc\"><span><a href=\"http:\/\/www.pixyou.pl\/index.php\/portfolio\/baner-dla-firmy-chemix\/\"><i class=\"fa fa-plus\"><\/i><\/a><\/span><div class=\"feature-inner-block\"><h3 class=\"feature-title-wrap\"><a href=\"http:\/\/www.pixyou.pl\/index.php\/portfolio\/baner-dla-firmy-chemix\/\">Baner dla firmy CHEMIX<\/a><\/h3><h4 class=\"feature-desc-wrap\"><\/h4><\/div><\/div><\/div><div class=\"tg-feature-product-widget element-item uxdesign tg-column-4 grafika portfolio \" data-category=\"grafika portfolio \"><figure><img loading=\"lazy\" decoding=\"async\" width=\"272\" height=\"272\" src=\"http:\/\/www.pixyou.pl\/wp-content\/uploads\/2024\/10\/baner-asia-mini.jpg\" class=\"attachment-full size-full wp-post-image\" alt=\"\" srcset=\"http:\/\/www.pixyou.pl\/wp-content\/uploads\/2024\/10\/baner-asia-mini.jpg 272w, http:\/\/www.pixyou.pl\/wp-content\/uploads\/2024\/10\/baner-asia-mini-150x150.jpg 150w, http:\/\/www.pixyou.pl\/wp-content\/uploads\/2024\/10\/baner-asia-mini-100x100.jpg 100w\" sizes=\"(max-width: 272px) 100vw, 272px\" \/><\/figure><div class=\"featured-image-desc\"><span><a href=\"http:\/\/www.pixyou.pl\/index.php\/portfolio\/baner-na-plot-i-fb\/\"><i class=\"fa fa-plus\"><\/i><\/a><\/span><div class=\"feature-inner-block\"><h3 class=\"feature-title-wrap\"><a href=\"http:\/\/www.pixyou.pl\/index.php\/portfolio\/baner-na-plot-i-fb\/\">Baner na p\u0142ot i FB<\/a><\/h3><h4 class=\"feature-desc-wrap\">Baner dla firmy zajmuj\u0105cej si\u0119 usuwaniem wgniece\u0144 samochodowych<\/h4><\/div><\/div><\/div><div class=\"tg-feature-product-widget element-item uxdesign tg-column-4 grafika portfolio \" data-category=\"grafika portfolio \"><figure><img loading=\"lazy\" decoding=\"async\" width=\"272\" height=\"272\" src=\"http:\/\/www.pixyou.pl\/wp-content\/uploads\/2024\/10\/meteor-logo-mini.jpg\" class=\"attachment-full size-full wp-post-image\" alt=\"\" srcset=\"http:\/\/www.pixyou.pl\/wp-content\/uploads\/2024\/10\/meteor-logo-mini.jpg 272w, http:\/\/www.pixyou.pl\/wp-content\/uploads\/2024\/10\/meteor-logo-mini-150x150.jpg 150w, http:\/\/www.pixyou.pl\/wp-content\/uploads\/2024\/10\/meteor-logo-mini-100x100.jpg 100w\" sizes=\"(max-width: 272px) 100vw, 272px\" \/><\/figure><div class=\"featured-image-desc\"><span><a href=\"http:\/\/www.pixyou.pl\/index.php\/portfolio\/logo-firmy-meteor-haft-komputerowy\/\"><i class=\"fa fa-plus\"><\/i><\/a><\/span><div class=\"feature-inner-block\"><h3 class=\"feature-title-wrap\"><a href=\"http:\/\/www.pixyou.pl\/index.php\/portfolio\/logo-firmy-meteor-haft-komputerowy\/\">Logo firmy METEOR Haft komputerowy<\/a><\/h3><h4 class=\"feature-desc-wrap\"><\/h4><\/div><\/div><\/div><div class=\"tg-feature-product-widget element-item uxdesign tg-column-4 grafika portfolio \" data-category=\"grafika portfolio \"><figure><img loading=\"lazy\" decoding=\"async\" width=\"272\" height=\"272\" src=\"http:\/\/www.pixyou.pl\/wp-content\/uploads\/2024\/10\/koronet-kalendarz-mini.jpg\" class=\"attachment-full size-full wp-post-image\" alt=\"\" srcset=\"http:\/\/www.pixyou.pl\/wp-content\/uploads\/2024\/10\/koronet-kalendarz-mini.jpg 272w, http:\/\/www.pixyou.pl\/wp-content\/uploads\/2024\/10\/koronet-kalendarz-mini-150x150.jpg 150w, http:\/\/www.pixyou.pl\/wp-content\/uploads\/2024\/10\/koronet-kalendarz-mini-100x100.jpg 100w\" sizes=\"(max-width: 272px) 100vw, 272px\" \/><\/figure><div class=\"featured-image-desc\"><span><a href=\"http:\/\/www.pixyou.pl\/index.php\/portfolio\/kalendarz-dla-firmy-koronet\/\"><i class=\"fa fa-plus\"><\/i><\/a><\/span><div class=\"feature-inner-block\"><h3 class=\"feature-title-wrap\"><a href=\"http:\/\/www.pixyou.pl\/index.php\/portfolio\/kalendarz-dla-firmy-koronet\/\">Kalendarz dla firmy KORONET<\/a><\/h3><h4 class=\"feature-desc-wrap\"><\/h4><\/div><\/div><\/div><div class=\"tg-feature-product-widget element-item uxdesign tg-column-4 grafika portfolio \" data-category=\"grafika portfolio \"><figure><img loading=\"lazy\" decoding=\"async\" width=\"272\" height=\"272\" src=\"http:\/\/www.pixyou.pl\/wp-content\/uploads\/2024\/10\/kartka-swiateczna-mini.jpg\" class=\"attachment-full size-full wp-post-image\" alt=\"\" srcset=\"http:\/\/www.pixyou.pl\/wp-content\/uploads\/2024\/10\/kartka-swiateczna-mini.jpg 272w, http:\/\/www.pixyou.pl\/wp-content\/uploads\/2024\/10\/kartka-swiateczna-mini-150x150.jpg 150w, http:\/\/www.pixyou.pl\/wp-content\/uploads\/2024\/10\/kartka-swiateczna-mini-100x100.jpg 100w\" sizes=\"(max-width: 272px) 100vw, 272px\" \/><\/figure><div class=\"featured-image-desc\"><span><a href=\"http:\/\/www.pixyou.pl\/index.php\/portfolio\/projekt-kartki-swiatecznej\/\"><i class=\"fa fa-plus\"><\/i><\/a><\/span><div class=\"feature-inner-block\"><h3 class=\"feature-title-wrap\"><a href=\"http:\/\/www.pixyou.pl\/index.php\/portfolio\/projekt-kartki-swiatecznej\/\">Projekt kartki \u015bwi\u0105tecznej<\/a><\/h3><h4 class=\"feature-desc-wrap\"><\/h4><\/div><\/div><\/div><div class=\"tg-feature-product-widget element-item uxdesign tg-column-4 grafika portfolio \" data-category=\"grafika portfolio \"><figure><img loading=\"lazy\" decoding=\"async\" width=\"272\" height=\"272\" src=\"http:\/\/www.pixyou.pl\/wp-content\/uploads\/2024\/10\/maklesz-logo-mini.jpg\" class=\"attachment-full size-full wp-post-image\" alt=\"\" srcset=\"http:\/\/www.pixyou.pl\/wp-content\/uploads\/2024\/10\/maklesz-logo-mini.jpg 272w, http:\/\/www.pixyou.pl\/wp-content\/uploads\/2024\/10\/maklesz-logo-mini-150x150.jpg 150w, http:\/\/www.pixyou.pl\/wp-content\/uploads\/2024\/10\/maklesz-logo-mini-100x100.jpg 100w\" sizes=\"(max-width: 272px) 100vw, 272px\" \/><\/figure><div class=\"featured-image-desc\"><span><a href=\"http:\/\/www.pixyou.pl\/index.php\/portfolio\/logo-firmy-maklesz\/\"><i class=\"fa fa-plus\"><\/i><\/a><\/span><div class=\"feature-inner-block\"><h3 class=\"feature-title-wrap\"><a href=\"http:\/\/www.pixyou.pl\/index.php\/portfolio\/logo-firmy-maklesz\/\">Logo firmy MAKLESZ<\/a><\/h3><h4 class=\"feature-desc-wrap\"><\/h4><\/div><\/div><\/div><div class=\"tg-feature-product-widget element-item uxdesign tg-column-4 grafika portfolio \" data-category=\"grafika portfolio \"><figure><img loading=\"lazy\" decoding=\"async\" width=\"272\" height=\"272\" src=\"http:\/\/www.pixyou.pl\/wp-content\/uploads\/2024\/10\/auto-mini.jpg\" class=\"attachment-full size-full wp-post-image\" alt=\"\" srcset=\"http:\/\/www.pixyou.pl\/wp-content\/uploads\/2024\/10\/auto-mini.jpg 272w, http:\/\/www.pixyou.pl\/wp-content\/uploads\/2024\/10\/auto-mini-150x150.jpg 150w, http:\/\/www.pixyou.pl\/wp-content\/uploads\/2024\/10\/auto-mini-100x100.jpg 100w\" sizes=\"(max-width: 272px) 100vw, 272px\" \/><\/figure><div class=\"featured-image-desc\"><span><a href=\"http:\/\/www.pixyou.pl\/index.php\/portfolio\/projekt-oznakowania-auta\/\"><i class=\"fa fa-plus\"><\/i><\/a><\/span><div class=\"feature-inner-block\"><h3 class=\"feature-title-wrap\"><a href=\"http:\/\/www.pixyou.pl\/index.php\/portfolio\/projekt-oznakowania-auta\/\">Projekt oznakowania auta<\/a><\/h3><h4 class=\"feature-desc-wrap\"><\/h4><\/div><\/div><\/div><div class=\"tg-feature-product-widget element-item uxdesign tg-column-4 grafika portfolio \" data-category=\"grafika portfolio \"><figure><img loading=\"lazy\" decoding=\"async\" width=\"272\" height=\"272\" src=\"http:\/\/www.pixyou.pl\/wp-content\/uploads\/2024\/10\/plakat-sevilla-mini.jpg\" class=\"attachment-full size-full wp-post-image\" alt=\"\" srcset=\"http:\/\/www.pixyou.pl\/wp-content\/uploads\/2024\/10\/plakat-sevilla-mini.jpg 272w, http:\/\/www.pixyou.pl\/wp-content\/uploads\/2024\/10\/plakat-sevilla-mini-150x150.jpg 150w, http:\/\/www.pixyou.pl\/wp-content\/uploads\/2024\/10\/plakat-sevilla-mini-100x100.jpg 100w\" sizes=\"(max-width: 272px) 100vw, 272px\" \/><\/figure><div class=\"featured-image-desc\"><span><a href=\"http:\/\/www.pixyou.pl\/index.php\/portfolio\/plakat-sylwestrowy\/\"><i class=\"fa fa-plus\"><\/i><\/a><\/span><div class=\"feature-inner-block\"><h3 class=\"feature-title-wrap\"><a href=\"http:\/\/www.pixyou.pl\/index.php\/portfolio\/plakat-sylwestrowy\/\">Plakat sylwestrowy<\/a><\/h3><h4 class=\"feature-desc-wrap\"><\/h4><\/div><\/div><\/div><div class=\"tg-feature-product-widget element-item uxdesign tg-column-4 grafika portfolio \" data-category=\"grafika portfolio \"><figure><img loading=\"lazy\" decoding=\"async\" width=\"272\" height=\"272\" src=\"http:\/\/www.pixyou.pl\/wp-content\/uploads\/2024\/10\/maktek-kalendarz-mini.jpg\" class=\"attachment-full size-full wp-post-image\" alt=\"\" srcset=\"http:\/\/www.pixyou.pl\/wp-content\/uploads\/2024\/10\/maktek-kalendarz-mini.jpg 272w, http:\/\/www.pixyou.pl\/wp-content\/uploads\/2024\/10\/maktek-kalendarz-mini-150x150.jpg 150w, http:\/\/www.pixyou.pl\/wp-content\/uploads\/2024\/10\/maktek-kalendarz-mini-100x100.jpg 100w\" sizes=\"(max-width: 272px) 100vw, 272px\" \/><\/figure><div class=\"featured-image-desc\"><span><a href=\"http:\/\/www.pixyou.pl\/index.php\/portfolio\/projekt-kalendarza-dla-firmy-maktek\/\"><i class=\"fa fa-plus\"><\/i><\/a><\/span><div class=\"feature-inner-block\"><h3 class=\"feature-title-wrap\"><a href=\"http:\/\/www.pixyou.pl\/index.php\/portfolio\/projekt-kalendarza-dla-firmy-maktek\/\">Projekt kalendarza dla firmy MAKTEK<\/a><\/h3><h4 class=\"feature-desc-wrap\"><\/h4><\/div><\/div><\/div><\/div><!-- \/.tg-column-wrapper--><\/div><!-- \/.grid --><\/div><!-- \/.tg-container --><\/div><!-- \/.layout div --><\/div><\/div><\/div><\/div><\/div>","protected":false},"excerpt":{"rendered":"<p>Zapraszam do zapoznania si\u0119 z wybranymi projektami stron internetowych i grafik, kt\u00f3re zrealizowa\u0142em dla klient\u00f3w. Moje portfolio to zbi\u00f3r r\u00f3\u017cnorodnych [&hellip;]<\/p>\n","protected":false},"author":1,"featured_media":0,"parent":0,"menu_order":0,"comment_status":"closed","ping_status":"closed","template":"page-templates\/full-width.php","meta":{"cybocfi_hide_featured_image":"","footnotes":""},"class_list":["post-846","page","type-page","status-publish","hentry"],"yoast_head":"<!-- This site is optimized with the Yoast SEO plugin v25.4 - https:\/\/yoast.com\/wordpress\/plugins\/seo\/ -->\n<title>Realizacje - PIXYOU<\/title>\n<meta name=\"robots\" content=\"index, follow, max-snippet:-1, max-image-preview:large, max-video-preview:-1\" \/>\n<link rel=\"canonical\" href=\"https:\/\/www.pixyou.pl\/index.php\/realizacje\/\" \/>\n<meta property=\"og:locale\" content=\"pl_PL\" \/>\n<meta property=\"og:type\" content=\"article\" \/>\n<meta property=\"og:title\" content=\"Realizacje - PIXYOU\" \/>\n<meta property=\"og:description\" content=\"Zapraszam do zapoznania si\u0119 z wybranymi projektami stron internetowych i grafik, kt\u00f3re zrealizowa\u0142em dla klient\u00f3w. Moje portfolio to zbi\u00f3r r\u00f3\u017cnorodnych [&hellip;]\" \/>\n<meta property=\"og:url\" content=\"https:\/\/www.pixyou.pl\/index.php\/realizacje\/\" \/>\n<meta property=\"og:site_name\" content=\"PIXYOU\" \/>\n<meta property=\"article:modified_time\" content=\"2025-03-07T14:38:36+00:00\" \/>\n<meta name=\"twitter:card\" content=\"summary_large_image\" \/>\n<meta name=\"twitter:label1\" content=\"Szacowany czas czytania\" \/>\n\t<meta name=\"twitter:data1\" content=\"1 minuta\" \/>\n<script type=\"application\/ld+json\" class=\"yoast-schema-graph\">{\"@context\":\"https:\/\/schema.org\",\"@graph\":[{\"@type\":\"WebPage\",\"@id\":\"https:\/\/www.pixyou.pl\/index.php\/realizacje\/\",\"url\":\"https:\/\/www.pixyou.pl\/index.php\/realizacje\/\",\"name\":\"Realizacje - PIXYOU\",\"isPartOf\":{\"@id\":\"http:\/\/www.pixyou.pl\/#website\"},\"datePublished\":\"2024-10-13T19:08:59+00:00\",\"dateModified\":\"2025-03-07T14:38:36+00:00\",\"breadcrumb\":{\"@id\":\"https:\/\/www.pixyou.pl\/index.php\/realizacje\/#breadcrumb\"},\"inLanguage\":\"pl-PL\",\"potentialAction\":[{\"@type\":\"ReadAction\",\"target\":[\"https:\/\/www.pixyou.pl\/index.php\/realizacje\/\"]}]},{\"@type\":\"BreadcrumbList\",\"@id\":\"https:\/\/www.pixyou.pl\/index.php\/realizacje\/#breadcrumb\",\"itemListElement\":[{\"@type\":\"ListItem\",\"position\":1,\"name\":\"Strona g\u0142\u00f3wna\",\"item\":\"http:\/\/www.pixyou.pl\/\"},{\"@type\":\"ListItem\",\"position\":2,\"name\":\"Realizacje\"}]},{\"@type\":\"WebSite\",\"@id\":\"http:\/\/www.pixyou.pl\/#website\",\"url\":\"http:\/\/www.pixyou.pl\/\",\"name\":\"PIXYOU\",\"description\":\"Strony i sklepy internetowe skrojone na miar\u0119\",\"publisher\":{\"@id\":\"http:\/\/www.pixyou.pl\/#organization\"},\"potentialAction\":[{\"@type\":\"SearchAction\",\"target\":{\"@type\":\"EntryPoint\",\"urlTemplate\":\"http:\/\/www.pixyou.pl\/?s={search_term_string}\"},\"query-input\":{\"@type\":\"PropertyValueSpecification\",\"valueRequired\":true,\"valueName\":\"search_term_string\"}}],\"inLanguage\":\"pl-PL\"},{\"@type\":\"Organization\",\"@id\":\"http:\/\/www.pixyou.pl\/#organization\",\"name\":\"PIXYOU\",\"url\":\"http:\/\/www.pixyou.pl\/\",\"logo\":{\"@type\":\"ImageObject\",\"inLanguage\":\"pl-PL\",\"@id\":\"http:\/\/www.pixyou.pl\/#\/schema\/logo\/image\/\",\"url\":\"http:\/\/www.pixyou.pl\/wp-content\/uploads\/2024\/09\/logo-pixyou-mini.png\",\"contentUrl\":\"http:\/\/www.pixyou.pl\/wp-content\/uploads\/2024\/09\/logo-pixyou-mini.png\",\"width\":150,\"height\":32,\"caption\":\"PIXYOU\"},\"image\":{\"@id\":\"http:\/\/www.pixyou.pl\/#\/schema\/logo\/image\/\"}}]}<\/script>\n<!-- \/ Yoast SEO plugin. -->","yoast_head_json":{"title":"Realizacje - PIXYOU","robots":{"index":"index","follow":"follow","max-snippet":"max-snippet:-1","max-image-preview":"max-image-preview:large","max-video-preview":"max-video-preview:-1"},"canonical":"https:\/\/www.pixyou.pl\/index.php\/realizacje\/","og_locale":"pl_PL","og_type":"article","og_title":"Realizacje - PIXYOU","og_description":"Zapraszam do zapoznania si\u0119 z wybranymi projektami stron internetowych i grafik, kt\u00f3re zrealizowa\u0142em dla klient\u00f3w. Moje portfolio to zbi\u00f3r r\u00f3\u017cnorodnych [&hellip;]","og_url":"https:\/\/www.pixyou.pl\/index.php\/realizacje\/","og_site_name":"PIXYOU","article_modified_time":"2025-03-07T14:38:36+00:00","twitter_card":"summary_large_image","twitter_misc":{"Szacowany czas czytania":"1 minuta"},"schema":{"@context":"https:\/\/schema.org","@graph":[{"@type":"WebPage","@id":"https:\/\/www.pixyou.pl\/index.php\/realizacje\/","url":"https:\/\/www.pixyou.pl\/index.php\/realizacje\/","name":"Realizacje - PIXYOU","isPartOf":{"@id":"http:\/\/www.pixyou.pl\/#website"},"datePublished":"2024-10-13T19:08:59+00:00","dateModified":"2025-03-07T14:38:36+00:00","breadcrumb":{"@id":"https:\/\/www.pixyou.pl\/index.php\/realizacje\/#breadcrumb"},"inLanguage":"pl-PL","potentialAction":[{"@type":"ReadAction","target":["https:\/\/www.pixyou.pl\/index.php\/realizacje\/"]}]},{"@type":"BreadcrumbList","@id":"https:\/\/www.pixyou.pl\/index.php\/realizacje\/#breadcrumb","itemListElement":[{"@type":"ListItem","position":1,"name":"Strona g\u0142\u00f3wna","item":"http:\/\/www.pixyou.pl\/"},{"@type":"ListItem","position":2,"name":"Realizacje"}]},{"@type":"WebSite","@id":"http:\/\/www.pixyou.pl\/#website","url":"http:\/\/www.pixyou.pl\/","name":"PIXYOU","description":"Strony i sklepy internetowe skrojone na miar\u0119","publisher":{"@id":"http:\/\/www.pixyou.pl\/#organization"},"potentialAction":[{"@type":"SearchAction","target":{"@type":"EntryPoint","urlTemplate":"http:\/\/www.pixyou.pl\/?s={search_term_string}"},"query-input":{"@type":"PropertyValueSpecification","valueRequired":true,"valueName":"search_term_string"}}],"inLanguage":"pl-PL"},{"@type":"Organization","@id":"http:\/\/www.pixyou.pl\/#organization","name":"PIXYOU","url":"http:\/\/www.pixyou.pl\/","logo":{"@type":"ImageObject","inLanguage":"pl-PL","@id":"http:\/\/www.pixyou.pl\/#\/schema\/logo\/image\/","url":"http:\/\/www.pixyou.pl\/wp-content\/uploads\/2024\/09\/logo-pixyou-mini.png","contentUrl":"http:\/\/www.pixyou.pl\/wp-content\/uploads\/2024\/09\/logo-pixyou-mini.png","width":150,"height":32,"caption":"PIXYOU"},"image":{"@id":"http:\/\/www.pixyou.pl\/#\/schema\/logo\/image\/"}}]}},"_links":{"self":[{"href":"http:\/\/www.pixyou.pl\/index.php\/wp-json\/wp\/v2\/pages\/846"}],"collection":[{"href":"http:\/\/www.pixyou.pl\/index.php\/wp-json\/wp\/v2\/pages"}],"about":[{"href":"http:\/\/www.pixyou.pl\/index.php\/wp-json\/wp\/v2\/types\/page"}],"author":[{"embeddable":true,"href":"http:\/\/www.pixyou.pl\/index.php\/wp-json\/wp\/v2\/users\/1"}],"replies":[{"embeddable":true,"href":"http:\/\/www.pixyou.pl\/index.php\/wp-json\/wp\/v2\/comments?post=846"}],"version-history":[{"count":19,"href":"http:\/\/www.pixyou.pl\/index.php\/wp-json\/wp\/v2\/pages\/846\/revisions"}],"predecessor-version":[{"id":990,"href":"http:\/\/www.pixyou.pl\/index.php\/wp-json\/wp\/v2\/pages\/846\/revisions\/990"}],"wp:attachment":[{"href":"http:\/\/www.pixyou.pl\/index.php\/wp-json\/wp\/v2\/media?parent=846"}],"curies":[{"name":"wp","href":"https:\/\/api.w.org\/{rel}","templated":true}]}}